{"id":622,"date":"2020-02-17T11:12:51","date_gmt":"2020-02-17T14:12:51","guid":{"rendered":"http:\/\/www.merionline.com.br\/noticias\/?page_id=622"},"modified":"2024-09-17T16:43:24","modified_gmt":"2024-09-17T19:43:24","slug":"home","status":"publish","type":"page","link":"https:\/\/www.merionline.com.br\/noticias\/","title":{"rendered":"Home"},"content":{"rendered":"[vc_row][vc_column width=&#8221;2\/3&#8243;]<div id=\"\" class=\"bscb-34031 bs-listing bs-listing-listing-mix-1-1 bs-listing-single-tab pagination-animate\">\t\t<h3 class=\"section-heading sh-t2 sh-s1 main-term-6\">\n\n\t\t\n\t\t\t\t\t\t\t<a href=\"https:\/\/www.merionline.com.br\/noticias\/category\/destaque\/\" class=\"main-link\">\n\t\t\t\t\t\t\t<span class=\"h-text main-term-6\">\n\t\t\t\t\t\t\t\tEm destaque\t\t\t\t\t\t\t<\/span>\n\t\t\t\t<\/a>\n\t\t\t\n\t\t\n\t\t<\/h3>\n\t\t\t\t<div class=\"bs-pagination-wrapper main-term-6 more_btn bs-slider-first-item\">\n\t\t\t<div class=\"listing listing-mix-1-1  \">\n\t\t<div class=\"item-inner clearfix\">\n\t\t\t<div class=\"column-1\">\n\t\t\t\t\t<article class=\"post-1721 type-post format-standard has-post-thumbnail   listing-item listing-item-grid listing-item-grid-1 main-term-3\">\n\t<div class=\"item-inner\">\n\t\t\t\t\t<div class=\"featured clearfix\">\n\t\t\t\t<div class=\"term-badges floated\"><span class=\"term-badge term-3\"><a href=\"https:\/\/www.merionline.com.br\/noticias\/category\/cidade\/\">Cidade<\/a><\/span><\/div>\t\t\t\t<a  title=\"DENUNCIA FEITA CONTRA O PREFEITO RAPINHA \u00c9 ARQUIVADA PELO MP\" data-src=\"https:\/\/www.merionline.com.br\/noticias\/wp-content\/uploads\/2024\/09\/WhatsApp-Image-2024-09-17-at-16.33.00-357x210.jpeg\" data-bs-srcset=\"{&quot;baseurl&quot;:&quot;https:\\\/\\\/www.merionline.com.br\\\/noticias\\\/wp-content\\\/uploads\\\/2024\\\/09\\\/&quot;,&quot;sizes&quot;:{&quot;210&quot;:&quot;WhatsApp-Image-2024-09-17-at-16.33.00-210x136.jpeg&quot;,&quot;279&quot;:&quot;WhatsApp-Image-2024-09-17-at-16.33.00-279x220.jpeg&quot;,&quot;357&quot;:&quot;WhatsApp-Image-2024-09-17-at-16.33.00-357x210.jpeg&quot;,&quot;750&quot;:&quot;WhatsApp-Image-2024-09-17-at-16.33.00-750x430.jpeg&quot;,&quot;1600&quot;:&quot;WhatsApp-Image-2024-09-17-at-16.33.00.jpeg&quot;}}\"\t\t\t\t\t\tclass=\"img-holder\" href=\"https:\/\/www.merionline.com.br\/noticias\/denuncia-feita-contra-o-prefeito-rapinha-e-arquivada-pelo-mp\/\"><\/a>\n\n\t\t\t\t\t\t\t<\/div>\n\t\t<h2 class=\"title\">\t\t<a href=\"https:\/\/www.merionline.com.br\/noticias\/denuncia-feita-contra-o-prefeito-rapinha-e-arquivada-pelo-mp\/\" class=\"post-title post-url\">\n\t\t\tDENUNCIA FEITA CONTRA O PREFEITO RAPINHA \u00c9 ARQUIVADA PELO MP\t\t<\/a>\n\t\t<\/h2>\t\t<div class=\"post-meta\">\n\n\t\t\t\t\t\t\t<a href=\"https:\/\/www.merionline.com.br\/noticias\/author\/pauliteck\/\"\n\t\t\t\t   title=\"Artigos de autor\"\n\t\t\t\t   class=\"post-author-a\">\n\t\t\t\t\t<i class=\"post-author author\">\n\t\t\t\t\t\tReda\u00e7\u00e3o\t\t\t\t\t<\/i>\n\t\t\t\t<\/a>\n\t\t\t\t\t\t\t<span class=\"time\"><time class=\"post-published updated\"\n\t\t\t\t                         datetime=\"2024-09-17T16:34:15-03:00\">17 set, 2024<\/time><\/span>\n\t\t\t\t\t\t<\/div>\n\t\t\t\t\t<div class=\"post-summary\">\n\t\t\t\tRecentemente, uma denuncia an\u00f4nima foi enviada ao Minist\u00e9rio P\u00fablico alegando que o atual Prefeito de Meridiano,&hellip;\t\t\t<\/div>\n\t\t\t<\/div>\n\t<\/article >\n\t\t\t<\/div>\n\t\t\t<div class=\"column-2\">\n\t\t\t\t\t<div class=\"listing listing-thumbnail listing-tb-1 clearfix columns-1\">\n\t\t<article class=\"post-1714 type-post format-standard has-post-thumbnail   listing-item listing-item-thumbnail listing-item-tb-1 main-term-3\">\n\t<div class=\"item-inner clearfix\">\n\t\t\t\t\t<div class=\"featured featured-type-featured-image\">\n\t\t\t\t<a  title=\"PREFEITURA DE MERIDIANO DIVULGA SALDO DE MEIO MILH\u00c3O POSITIVO\" data-src=\"https:\/\/www.merionline.com.br\/noticias\/wp-content\/uploads\/2021\/02\/WhatsApp-Image-2021-01-28-at-11.31.20-86x64.jpeg\" data-bs-srcset=\"{&quot;baseurl&quot;:&quot;https:\\\/\\\/www.merionline.com.br\\\/noticias\\\/wp-content\\\/uploads\\\/2021\\\/02\\\/&quot;,&quot;sizes&quot;:{&quot;86&quot;:&quot;WhatsApp-Image-2021-01-28-at-11.31.20-86x64.jpeg&quot;,&quot;210&quot;:&quot;WhatsApp-Image-2021-01-28-at-11.31.20-210x136.jpeg&quot;,&quot;1600&quot;:&quot;WhatsApp-Image-2021-01-28-at-11.31.20.jpeg&quot;}}\"\t\t\t\t\t\tclass=\"img-holder\" href=\"https:\/\/www.merionline.com.br\/noticias\/prefeitura-de-meridiano-divulga-saldo-de-meio-milhao-positivo\/\"><\/a>\n\t\t\t\t\t\t\t<\/div>\n\t\t<h2 class=\"title\">\t\t<a href=\"https:\/\/www.merionline.com.br\/noticias\/prefeitura-de-meridiano-divulga-saldo-de-meio-milhao-positivo\/\" class=\"post-url post-title\">\n\t\t\tPREFEITURA DE MERIDIANO DIVULGA SALDO DE MEIO MILH\u00c3O&hellip;\t\t<\/a>\n\t\t<\/h2>\t\t<div class=\"post-meta\">\n\n\t\t\t\t\t\t\t<span class=\"time\"><time class=\"post-published updated\"\n\t\t\t\t                         datetime=\"2024-09-13T19:41:19-03:00\">13 set, 2024<\/time><\/span>\n\t\t\t\t\t\t<\/div>\n\t\t\t<\/div>\n\t<\/article >\n\t<article class=\"post-1698 type-post format-standard has-post-thumbnail   listing-item listing-item-thumbnail listing-item-tb-1 main-term-3\">\n\t<div class=\"item-inner clearfix\">\n\t\t\t\t\t<div class=\"featured featured-type-featured-image\">\n\t\t\t\t<a  title=\"Prefeitura realiza adequa\u00e7\u00f5es em escolas municipais e rodovi\u00e1ria para obten\u00e7\u00e3o do AVCB\" data-src=\"https:\/\/www.merionline.com.br\/noticias\/wp-content\/uploads\/2024\/08\/avcb-86x64.png\" data-bs-srcset=\"{&quot;baseurl&quot;:&quot;https:\\\/\\\/www.merionline.com.br\\\/noticias\\\/wp-content\\\/uploads\\\/2024\\\/08\\\/&quot;,&quot;sizes&quot;:{&quot;86&quot;:&quot;avcb-86x64.png&quot;,&quot;210&quot;:&quot;avcb-210x136.png&quot;,&quot;1166&quot;:&quot;avcb.png&quot;}}\"\t\t\t\t\t\tclass=\"img-holder\" href=\"https:\/\/www.merionline.com.br\/noticias\/prefeitura-realiza-adequacoes-em-escolas-municipais-e-rodoviaria-para-obtencao-do-avcb\/\"><\/a>\n\t\t\t\t\t\t\t<\/div>\n\t\t<h2 class=\"title\">\t\t<a href=\"https:\/\/www.merionline.com.br\/noticias\/prefeitura-realiza-adequacoes-em-escolas-municipais-e-rodoviaria-para-obtencao-do-avcb\/\" class=\"post-url post-title\">\n\t\t\tPrefeitura realiza adequa\u00e7\u00f5es em escolas municipais e&hellip;\t\t<\/a>\n\t\t<\/h2>\t\t<div class=\"post-meta\">\n\n\t\t\t\t\t\t\t<span class=\"time\"><time class=\"post-published updated\"\n\t\t\t\t                         datetime=\"2024-08-08T10:13:55-03:00\">8 ago, 2024<\/time><\/span>\n\t\t\t\t\t\t<\/div>\n\t\t\t<\/div>\n\t<\/article >\n\t<article class=\"post-1688 type-post format-standard has-post-thumbnail   listing-item listing-item-thumbnail listing-item-tb-1 main-term-3\">\n\t<div class=\"item-inner clearfix\">\n\t\t\t\t\t<div class=\"featured featured-type-featured-image\">\n\t\t\t\t<a  title=\"Vereadora Juliana conseguiu a &#8220;tal&#8221; quadra p\/ o Sto ant\u00f4nio em tempo recorde\" data-src=\"https:\/\/www.merionline.com.br\/noticias\/wp-content\/uploads\/2024\/07\/WhatsApp-Image-2024-07-21-at-19.24.34-86x64.jpeg\" data-bs-srcset=\"{&quot;baseurl&quot;:&quot;https:\\\/\\\/www.merionline.com.br\\\/noticias\\\/wp-content\\\/uploads\\\/2024\\\/07\\\/&quot;,&quot;sizes&quot;:{&quot;86&quot;:&quot;WhatsApp-Image-2024-07-21-at-19.24.34-86x64.jpeg&quot;,&quot;210&quot;:&quot;WhatsApp-Image-2024-07-21-at-19.24.34-210x136.jpeg&quot;,&quot;1080&quot;:&quot;WhatsApp-Image-2024-07-21-at-19.24.34.jpeg&quot;}}\"\t\t\t\t\t\tclass=\"img-holder\" href=\"https:\/\/www.merionline.com.br\/noticias\/vereadora-juliana-conseguiu-a-tal-quadra-p-o-sto-antonio-em-tempo-recorde\/\"><\/a>\n\t\t\t\t\t\t\t<\/div>\n\t\t<h2 class=\"title\">\t\t<a href=\"https:\/\/www.merionline.com.br\/noticias\/vereadora-juliana-conseguiu-a-tal-quadra-p-o-sto-antonio-em-tempo-recorde\/\" class=\"post-url post-title\">\n\t\t\tVereadora Juliana conseguiu a &#8220;tal&#8221; quadra p\/ o&hellip;\t\t<\/a>\n\t\t<\/h2>\t\t<div class=\"post-meta\">\n\n\t\t\t\t\t\t\t<span class=\"time\"><time class=\"post-published updated\"\n\t\t\t\t                         datetime=\"2024-07-21T19:46:14-03:00\">21 jul, 2024<\/time><\/span>\n\t\t\t\t\t\t<\/div>\n\t\t\t<\/div>\n\t<\/article >\n\t<article class=\"post-1682 type-post format-standard has-post-thumbnail   listing-item listing-item-thumbnail listing-item-tb-1 main-term-3\">\n\t<div class=\"item-inner clearfix\">\n\t\t\t\t\t<div class=\"featured featured-type-featured-image\">\n\t\t\t\t<a  title=\"T\u00c1 CHEGANDO A HORA DE DEFINIR OS CANDIDATOS, PRAZO EST\u00c1 ABERTO PARA AS CONVEN\u00c7\u00d5ES\" data-src=\"https:\/\/www.merionline.com.br\/noticias\/wp-content\/uploads\/2024\/07\/WhatsApp-Image-2024-07-20-at-19.07.08-86x64.jpeg\" data-bs-srcset=\"{&quot;baseurl&quot;:&quot;https:\\\/\\\/www.merionline.com.br\\\/noticias\\\/wp-content\\\/uploads\\\/2024\\\/07\\\/&quot;,&quot;sizes&quot;:{&quot;86&quot;:&quot;WhatsApp-Image-2024-07-20-at-19.07.08-86x64.jpeg&quot;,&quot;210&quot;:&quot;WhatsApp-Image-2024-07-20-at-19.07.08-210x136.jpeg&quot;,&quot;1600&quot;:&quot;WhatsApp-Image-2024-07-20-at-19.07.08.jpeg&quot;}}\"\t\t\t\t\t\tclass=\"img-holder\" href=\"https:\/\/www.merionline.com.br\/noticias\/ta-chegando-a-hora-de-definir-os-candidatos-prazo-esta-aberto-para-as-convencoes\/\"><\/a>\n\t\t\t\t\t\t\t<\/div>\n\t\t<h2 class=\"title\">\t\t<a href=\"https:\/\/www.merionline.com.br\/noticias\/ta-chegando-a-hora-de-definir-os-candidatos-prazo-esta-aberto-para-as-convencoes\/\" class=\"post-url post-title\">\n\t\t\tT\u00c1 CHEGANDO A HORA DE DEFINIR OS CANDIDATOS, PRAZO EST\u00c1&hellip;\t\t<\/a>\n\t\t<\/h2>\t\t<div class=\"post-meta\">\n\n\t\t\t\t\t\t\t<span class=\"time\"><time class=\"post-published updated\"\n\t\t\t\t                         datetime=\"2024-07-20T19:03:02-03:00\">20 jul, 2024<\/time><\/span>\n\t\t\t\t\t\t<\/div>\n\t\t\t<\/div>\n\t<\/article >\n\t<article class=\"post-1656 type-post format-standard has-post-thumbnail   listing-item listing-item-thumbnail listing-item-tb-1 main-term-3\">\n\t<div class=\"item-inner clearfix\">\n\t\t\t\t\t<div class=\"featured featured-type-featured-image\">\n\t\t\t\t<a  title=\"DEPOIS DE 2 ANOS CENTRO DE CASTRA\u00c7\u00c3O \u00c9 INAUGURADO\" data-src=\"https:\/\/www.merionline.com.br\/noticias\/wp-content\/uploads\/2024\/07\/fotocastracao-86x64.jpg\" data-bs-srcset=\"{&quot;baseurl&quot;:&quot;https:\\\/\\\/www.merionline.com.br\\\/noticias\\\/wp-content\\\/uploads\\\/2024\\\/07\\\/&quot;,&quot;sizes&quot;:{&quot;86&quot;:&quot;fotocastracao-86x64.jpg&quot;,&quot;210&quot;:&quot;fotocastracao-210x136.jpg&quot;,&quot;1600&quot;:&quot;fotocastracao.jpg&quot;}}\"\t\t\t\t\t\tclass=\"img-holder\" href=\"https:\/\/www.merionline.com.br\/noticias\/depois-de-2-anos-centro-de-castracao-e-inaugurado\/\"><\/a>\n\t\t\t\t\t\t\t<\/div>\n\t\t<h2 class=\"title\">\t\t<a href=\"https:\/\/www.merionline.com.br\/noticias\/depois-de-2-anos-centro-de-castracao-e-inaugurado\/\" class=\"post-url post-title\">\n\t\t\tDEPOIS DE 2 ANOS CENTRO DE CASTRA\u00c7\u00c3O \u00c9 INAUGURADO\t\t<\/a>\n\t\t<\/h2>\t\t<div class=\"post-meta\">\n\n\t\t\t\t\t\t\t<span class=\"time\"><time class=\"post-published updated\"\n\t\t\t\t                         datetime=\"2024-07-05T08:53:46-03:00\">5 jul, 2024<\/time><\/span>\n\t\t\t\t\t\t<\/div>\n\t\t\t<\/div>\n\t<\/article >\n\t<\/div>\n\t\t\t\t<\/div>\n\t\t<\/div>\n\t<\/div>\n\n\t<\/div><div class=\"bs-pagination bs-ajax-pagination more_btn main-term-6 clearfix\">\n\t\t\t<script>var bs_ajax_paginate_2930763 = '{\"query\":{\"category\":\"6\",\"tag\":\"\",\"taxonomy\":\"\",\"post_ids\":\"\",\"post_type\":\"\",\"count\":\"6\",\"order_by\":\"date\",\"order\":\"DESC\",\"time_filter\":\"\",\"offset\":\"\",\"style\":\"listing-mix-1-1\",\"cats-tags-condition\":\"and\",\"cats-condition\":\"in\",\"tags-condition\":\"in\",\"featured_image\":\"0\",\"ignore_sticky_posts\":\"1\",\"author_ids\":\"\",\"disable_duplicate\":\"0\",\"ad-active\":0,\"paginate\":\"more_btn\",\"pagination-show-label\":\"0\",\"listing-settings\":\"\",\"override-listing-settings\":\"0\",\"_layout\":{\"state\":\"1|1|0\",\"page\":\"2-col-right\"}},\"type\":\"bs_post_listing\",\"view\":\"Publisher_Mix_Listing_1_1_Shortcode\",\"current_page\":1,\"ajax_url\":\"\\\/noticias\\\/wp-admin\\\/admin-ajax.php\",\"remove_duplicates\":\"0\",\"query-main-term\":\"6\",\"pagination-show-label\":\"0\",\"paginate\":\"more_btn\",\"override-listing-settings\":\"0\",\"listing-settings\":\"\",\"ad-active\":false,\"_layout\":{\"state\":\"1|1|0\",\"page\":\"2-col-right\"},\"_bs_pagin_token\":\"61e7bb7\"}';<\/script>\t\t\t\t<a  rel=\"next\" class=\"btn-bs-pagination\" data-id=\"2930763\"\n\t\t\t\t   title=\"Carregar mais mensagens\">\n\t\t\t<span class=\"loading\" style=\"display: none;\">\n\t\t\t\t<i class=\"fa fa-refresh fa-spin fa-fw\"><\/i>\n\t\t\t<\/span>\n\t\t\t\t\t<span class=\"loading\" style=\"display: none;\">\n\t\t\t\tCarregando ...\t\t\t<\/span>\n\n\t\t\t\t\t<span class=\"loaded txt\">\n\t\t\t\tCarregar mais mensagens\t\t\t<\/span>\n\n\t\t\t\t\t<span class=\"loaded icon\">\n\t\t\t\t<i class=\"fa fa-angle-down\" aria-hidden=\"true\"><\/i>\n\t\t\t<\/span>\n\n\t\t\t\t\t<span class=\"no-more\" style=\"display: none;\">\n\t\t\t\tN\u00e3o h\u00e1 mais posts \n\t\t\t<\/span>\n\n\t\t\t\t<\/a>\n\n\t\t\t\t<\/div><\/div>[vc_media_grid element_width=&#8221;12&#8243; gap=&#8221;0&#8243; item=&#8221;masonryMedia_Default&#8221; initial_loading_animation=&#8221;shake&#8221; grid_id=&#8221;vc_gid:1726601689345-2ac3168d2905bdb2a5f1979c70c6dbf5-6&#8243; include=&#8221;736&#8243;]<div id=\"\" class=\"bscb-10744 bs-listing bs-listing-listing-thumbnail-2 bs-listing-single-tab pagination-animate\">\t\t<h3 class=\"section-heading sh-t3 sh-s7 main-term-3\">\n\n\t\t\n\t\t\t\t\t\t\t<a href=\"https:\/\/www.merionline.com.br\/noticias\/category\/cidade\/\" class=\"main-link\">\n\t\t\t\t\t\t\t<span class=\"h-text main-term-3\">\n\t\t\t\t\t\t\t\tNot\u00edcias de Meridiano\t\t\t\t\t\t\t<\/span>\n\t\t\t\t<\/a>\n\t\t\t\n\t\t\n\t\t<\/h3>\n\t\t\t\t<div class=\"bs-pagination-wrapper main-term-3 more_btn bs-slider-first-item\">\n\t\t\t<div class=\"listing listing-thumbnail listing-tb-2 clearfix scolumns-2 bsw-8 \">\n\t<article  class=\"post-1721 type-post format-standard has-post-thumbnail   listing-item listing-item-thumbnail listing-item-tb-2 main-term-3\">\n<div class=\"item-inner clearfix\">\n\t\t\t<div class=\"featured featured-type-featured-image\">\n\t\t\t<div class=\"term-badges floated\"><span class=\"term-badge term-3\"><a href=\"https:\/\/www.merionline.com.br\/noticias\/category\/cidade\/\">Cidade<\/a><\/span><\/div>\t\t\t<a  title=\"DENUNCIA FEITA CONTRA O PREFEITO RAPINHA \u00c9 ARQUIVADA PELO MP\" data-src=\"https:\/\/www.merionline.com.br\/noticias\/wp-content\/uploads\/2024\/09\/WhatsApp-Image-2024-09-17-at-16.33.00-210x136.jpeg\" data-bs-srcset=\"{&quot;baseurl&quot;:&quot;https:\\\/\\\/www.merionline.com.br\\\/noticias\\\/wp-content\\\/uploads\\\/2024\\\/09\\\/&quot;,&quot;sizes&quot;:{&quot;86&quot;:&quot;WhatsApp-Image-2024-09-17-at-16.33.00-86x64.jpeg&quot;,&quot;210&quot;:&quot;WhatsApp-Image-2024-09-17-at-16.33.00-210x136.jpeg&quot;,&quot;279&quot;:&quot;WhatsApp-Image-2024-09-17-at-16.33.00-279x220.jpeg&quot;,&quot;357&quot;:&quot;WhatsApp-Image-2024-09-17-at-16.33.00-357x210.jpeg&quot;,&quot;750&quot;:&quot;WhatsApp-Image-2024-09-17-at-16.33.00-750x430.jpeg&quot;,&quot;1600&quot;:&quot;WhatsApp-Image-2024-09-17-at-16.33.00.jpeg&quot;}}\"\t\t\t\t\tclass=\"img-holder\" href=\"https:\/\/www.merionline.com.br\/noticias\/denuncia-feita-contra-o-prefeito-rapinha-e-arquivada-pelo-mp\/\"><\/a>\n\t\t\t\t\t<\/div>\n\t<h2 class=\"title\">\t<a class=\"post-url\" href=\"https:\/\/www.merionline.com.br\/noticias\/denuncia-feita-contra-o-prefeito-rapinha-e-arquivada-pelo-mp\/\" title=\"DENUNCIA FEITA CONTRA O PREFEITO RAPINHA \u00c9 ARQUIVADA PELO MP\">\n\t\t\t<span class=\"post-title\">\n\t\t\t\tDENUNCIA FEITA CONTRA O PREFEITO RAPINHA \u00c9 ARQUIVADA PELO MP\t\t\t<\/span>\n\t<\/a>\n\t<\/h2><\/div>\n<\/article >\n<article  class=\"post-1714 type-post format-standard has-post-thumbnail   listing-item listing-item-thumbnail listing-item-tb-2 main-term-3\">\n<div class=\"item-inner clearfix\">\n\t\t\t<div class=\"featured featured-type-featured-image\">\n\t\t\t<div class=\"term-badges floated\"><span class=\"term-badge term-3\"><a href=\"https:\/\/www.merionline.com.br\/noticias\/category\/cidade\/\">Cidade<\/a><\/span><\/div>\t\t\t<a  title=\"PREFEITURA DE MERIDIANO DIVULGA SALDO DE MEIO MILH\u00c3O POSITIVO\" data-src=\"https:\/\/www.merionline.com.br\/noticias\/wp-content\/uploads\/2021\/02\/WhatsApp-Image-2021-01-28-at-11.31.20-210x136.jpeg\" data-bs-srcset=\"{&quot;baseurl&quot;:&quot;https:\\\/\\\/www.merionline.com.br\\\/noticias\\\/wp-content\\\/uploads\\\/2021\\\/02\\\/&quot;,&quot;sizes&quot;:{&quot;86&quot;:&quot;WhatsApp-Image-2021-01-28-at-11.31.20-86x64.jpeg&quot;,&quot;210&quot;:&quot;WhatsApp-Image-2021-01-28-at-11.31.20-210x136.jpeg&quot;,&quot;279&quot;:&quot;WhatsApp-Image-2021-01-28-at-11.31.20-279x220.jpeg&quot;,&quot;357&quot;:&quot;WhatsApp-Image-2021-01-28-at-11.31.20-357x210.jpeg&quot;,&quot;750&quot;:&quot;WhatsApp-Image-2021-01-28-at-11.31.20-750x430.jpeg&quot;,&quot;1600&quot;:&quot;WhatsApp-Image-2021-01-28-at-11.31.20.jpeg&quot;}}\"\t\t\t\t\tclass=\"img-holder\" href=\"https:\/\/www.merionline.com.br\/noticias\/prefeitura-de-meridiano-divulga-saldo-de-meio-milhao-positivo\/\"><\/a>\n\t\t\t\t\t<\/div>\n\t<h2 class=\"title\">\t<a class=\"post-url\" href=\"https:\/\/www.merionline.com.br\/noticias\/prefeitura-de-meridiano-divulga-saldo-de-meio-milhao-positivo\/\" title=\"PREFEITURA DE MERIDIANO DIVULGA SALDO DE MEIO MILH\u00c3O POSITIVO\">\n\t\t\t<span class=\"post-title\">\n\t\t\t\tPREFEITURA DE MERIDIANO DIVULGA SALDO DE MEIO MILH\u00c3O&hellip;\t\t\t<\/span>\n\t<\/a>\n\t<\/h2><\/div>\n<\/article >\n<article  class=\"post-1698 type-post format-standard has-post-thumbnail   listing-item listing-item-thumbnail listing-item-tb-2 main-term-3\">\n<div class=\"item-inner clearfix\">\n\t\t\t<div class=\"featured featured-type-featured-image\">\n\t\t\t<div class=\"term-badges floated\"><span class=\"term-badge term-3\"><a href=\"https:\/\/www.merionline.com.br\/noticias\/category\/cidade\/\">Cidade<\/a><\/span><\/div>\t\t\t<a  title=\"Prefeitura realiza adequa\u00e7\u00f5es em escolas municipais e rodovi\u00e1ria para obten\u00e7\u00e3o do AVCB\" data-src=\"https:\/\/www.merionline.com.br\/noticias\/wp-content\/uploads\/2024\/08\/avcb-210x136.png\" data-bs-srcset=\"{&quot;baseurl&quot;:&quot;https:\\\/\\\/www.merionline.com.br\\\/noticias\\\/wp-content\\\/uploads\\\/2024\\\/08\\\/&quot;,&quot;sizes&quot;:{&quot;86&quot;:&quot;avcb-86x64.png&quot;,&quot;210&quot;:&quot;avcb-210x136.png&quot;,&quot;279&quot;:&quot;avcb-279x220.png&quot;,&quot;357&quot;:&quot;avcb-357x210.png&quot;,&quot;750&quot;:&quot;avcb-750x430.png&quot;,&quot;1166&quot;:&quot;avcb.png&quot;}}\"\t\t\t\t\tclass=\"img-holder\" href=\"https:\/\/www.merionline.com.br\/noticias\/prefeitura-realiza-adequacoes-em-escolas-municipais-e-rodoviaria-para-obtencao-do-avcb\/\"><\/a>\n\t\t\t\t\t<\/div>\n\t<h2 class=\"title\">\t<a class=\"post-url\" href=\"https:\/\/www.merionline.com.br\/noticias\/prefeitura-realiza-adequacoes-em-escolas-municipais-e-rodoviaria-para-obtencao-do-avcb\/\" title=\"Prefeitura realiza adequa\u00e7\u00f5es em escolas municipais e rodovi\u00e1ria para obten\u00e7\u00e3o do AVCB\">\n\t\t\t<span class=\"post-title\">\n\t\t\t\tPrefeitura realiza adequa\u00e7\u00f5es em escolas municipais e&hellip;\t\t\t<\/span>\n\t<\/a>\n\t<\/h2><\/div>\n<\/article >\n<article  class=\"post-1688 type-post format-standard has-post-thumbnail   listing-item listing-item-thumbnail listing-item-tb-2 main-term-3\">\n<div class=\"item-inner clearfix\">\n\t\t\t<div class=\"featured featured-type-featured-image\">\n\t\t\t<div class=\"term-badges floated\"><span class=\"term-badge term-3\"><a href=\"https:\/\/www.merionline.com.br\/noticias\/category\/cidade\/\">Cidade<\/a><\/span><\/div>\t\t\t<a  title=\"Vereadora Juliana conseguiu a &#8220;tal&#8221; quadra p\/ o Sto ant\u00f4nio em tempo recorde\" data-src=\"https:\/\/www.merionline.com.br\/noticias\/wp-content\/uploads\/2024\/07\/WhatsApp-Image-2024-07-21-at-19.24.34-210x136.jpeg\" data-bs-srcset=\"{&quot;baseurl&quot;:&quot;https:\\\/\\\/www.merionline.com.br\\\/noticias\\\/wp-content\\\/uploads\\\/2024\\\/07\\\/&quot;,&quot;sizes&quot;:{&quot;86&quot;:&quot;WhatsApp-Image-2024-07-21-at-19.24.34-86x64.jpeg&quot;,&quot;210&quot;:&quot;WhatsApp-Image-2024-07-21-at-19.24.34-210x136.jpeg&quot;,&quot;279&quot;:&quot;WhatsApp-Image-2024-07-21-at-19.24.34-279x220.jpeg&quot;,&quot;357&quot;:&quot;WhatsApp-Image-2024-07-21-at-19.24.34-357x210.jpeg&quot;,&quot;750&quot;:&quot;WhatsApp-Image-2024-07-21-at-19.24.34-750x430.jpeg&quot;,&quot;1080&quot;:&quot;WhatsApp-Image-2024-07-21-at-19.24.34.jpeg&quot;}}\"\t\t\t\t\tclass=\"img-holder\" href=\"https:\/\/www.merionline.com.br\/noticias\/vereadora-juliana-conseguiu-a-tal-quadra-p-o-sto-antonio-em-tempo-recorde\/\"><\/a>\n\t\t\t\t\t<\/div>\n\t<h2 class=\"title\">\t<a class=\"post-url\" href=\"https:\/\/www.merionline.com.br\/noticias\/vereadora-juliana-conseguiu-a-tal-quadra-p-o-sto-antonio-em-tempo-recorde\/\" title=\"Vereadora Juliana conseguiu a &#8220;tal&#8221; quadra p\/ o Sto ant\u00f4nio em tempo recorde\">\n\t\t\t<span class=\"post-title\">\n\t\t\t\tVereadora Juliana conseguiu a &#8220;tal&#8221; quadra p\/ o&hellip;\t\t\t<\/span>\n\t<\/a>\n\t<\/h2><\/div>\n<\/article >\n\t<\/div>\n\t\n\t<\/div><div class=\"bs-pagination bs-ajax-pagination more_btn main-term-3 clearfix\">\n\t\t\t<script>var bs_ajax_paginate_1176478275 = '{\"query\":{\"category\":\"3\",\"tag\":\"\",\"taxonomy\":\"\",\"post_ids\":\"\",\"post_type\":\"\",\"count\":\"4\",\"order_by\":\"date\",\"order\":\"DESC\",\"time_filter\":\"\",\"offset\":\"\",\"style\":\"listing-thumbnail-2\",\"cats-tags-condition\":\"and\",\"cats-condition\":\"in\",\"tags-condition\":\"in\",\"featured_image\":\"0\",\"ignore_sticky_posts\":\"1\",\"author_ids\":\"\",\"disable_duplicate\":\"0\",\"ad-active\":\"0\",\"ad-after_each\":\"\",\"ad-type\":\"\",\"ad-banner\":\"none\",\"ad-campaign\":\"none\",\"ad-count\":\"\",\"ad-columns\":\"1\",\"ad-orderby\":\"date\",\"ad-order\":\"ASC\",\"ad-align\":\"left\",\"paginate\":\"more_btn\",\"pagination-show-label\":\"0\",\"columns\":\"2\",\"listing-settings\":\"\",\"override-listing-settings\":\"0\",\"_layout\":{\"state\":\"1|1|0\",\"page\":\"2-col-right\"}},\"type\":\"bs_post_listing\",\"view\":\"Publisher_Thumbnail_Listing_2_Shortcode\",\"current_page\":1,\"ajax_url\":\"\\\/noticias\\\/wp-admin\\\/admin-ajax.php\",\"remove_duplicates\":\"0\",\"query-main-term\":\"3\",\"columns\":\"2\",\"paginate\":\"more_btn\",\"pagination-show-label\":\"0\",\"override-listing-settings\":\"0\",\"listing-settings\":\"\",\"ad-active\":\"0\",\"ad-after_each\":\"\",\"ad-type\":\"\",\"ad-banner\":\"none\",\"ad-campaign\":\"none\",\"ad-count\":\"\",\"ad-columns\":\"1\",\"ad-orderby\":\"date\",\"ad-order\":\"ASC\",\"ad-align\":\"left\",\"_layout\":{\"state\":\"1|1|0\",\"page\":\"2-col-right\"},\"_bs_pagin_token\":\"9ed8901\",\"data\":{\"vars\":{\"post-ranking-offset\":4}}}';<\/script>\t\t\t\t<a  rel=\"next\" class=\"btn-bs-pagination\" data-id=\"1176478275\"\n\t\t\t\t   title=\"Carregar mais mensagens\">\n\t\t\t<span class=\"loading\" style=\"display: none;\">\n\t\t\t\t<i class=\"fa fa-refresh fa-spin fa-fw\"><\/i>\n\t\t\t<\/span>\n\t\t\t\t\t<span class=\"loading\" style=\"display: none;\">\n\t\t\t\tCarregando ...\t\t\t<\/span>\n\n\t\t\t\t\t<span class=\"loaded txt\">\n\t\t\t\tCarregar mais mensagens\t\t\t<\/span>\n\n\t\t\t\t\t<span class=\"loaded icon\">\n\t\t\t\t<i class=\"fa fa-angle-down\" aria-hidden=\"true\"><\/i>\n\t\t\t<\/span>\n\n\t\t\t\t\t<span class=\"no-more\" style=\"display: none;\">\n\t\t\t\tN\u00e3o h\u00e1 mais posts \n\t\t\t<\/span>\n\n\t\t\t\t<\/a>\n\n\t\t\t\t<\/div><\/div>[\/vc_column][vc_column width=&#8221;1\/3&#8243; offset=&#8221;vc_hidden-md vc_hidden-sm vc_hidden-xs&#8221;][\/vc_column][\/vc_row][vc_row][vc_column css_animation=&#8221;none&#8221; width=&#8221;2\/3&#8243;]<div id=\"\" class=\"bscb-14622 bs-listing bs-listing-listing-mix-2-1 bs-listing-single-tab pagination-animate\">\t\t<h3 class=\"section-heading sh-t2 sh-s1 main-term-2\">\n\n\t\t\n\t\t\t\t\t\t\t<a href=\"https:\/\/www.merionline.com.br\/noticias\/category\/regiao\/\" class=\"main-link\">\n\t\t\t\t\t\t\t<span class=\"h-text main-term-2\">\n\t\t\t\t\t\t\t\tRegi\u00e3o\t\t\t\t\t\t\t<\/span>\n\t\t\t\t<\/a>\n\t\t\t\n\t\t\n\t\t<\/h3>\n\t\t\t\t<div class=\"bs-pagination-wrapper main-term-2 more_btn bs-slider-first-item\">\n\t\t\t<div class=\"listing listing-mix-2-1 clearfix \">\n\t\t<div class=\"item-inner\">\n\t\t\t<div class=\"row\">\n\t\t\t\t<div class=\"col-lg-12\">\n\t\t\t\t\t\t\t\t\t\t\t<div class=\"listing listing-grid clearfix columns-2\">\n\t\t\t\t\t\t\t\t<article class=\"post-1411 type-post format-standard has-post-thumbnail   listing-item listing-item-grid listing-item-grid-1 main-term-6\">\n\t<div class=\"item-inner\">\n\t\t\t\t\t<div class=\"featured clearfix\">\n\t\t\t\t<div class=\"term-badges floated\"><span class=\"term-badge term-6\"><a href=\"https:\/\/www.merionline.com.br\/noticias\/category\/destaque\/\">Destaque<\/a><\/span><\/div>\t\t\t\t<a  title=\"Fernand\u00f3polis ter\u00e1 Hospital de Campanha, anuncia Jo\u00e3o Doria\" data-src=\"https:\/\/www.merionline.com.br\/noticias\/wp-content\/uploads\/2021\/03\/populacao-deve-se-reunir-na-praca-da-matriz-para-manifestacao-contra-aumento-de-iptu_800x600-135674-357x210.jpg\" data-bs-srcset=\"{&quot;baseurl&quot;:&quot;https:\\\/\\\/www.merionline.com.br\\\/noticias\\\/wp-content\\\/uploads\\\/2021\\\/03\\\/&quot;,&quot;sizes&quot;:{&quot;210&quot;:&quot;populacao-deve-se-reunir-na-praca-da-matriz-para-manifestacao-contra-aumento-de-iptu_800x600-135674-210x136.jpg&quot;,&quot;279&quot;:&quot;populacao-deve-se-reunir-na-praca-da-matriz-para-manifestacao-contra-aumento-de-iptu_800x600-135674-279x220.jpg&quot;,&quot;357&quot;:&quot;populacao-deve-se-reunir-na-praca-da-matriz-para-manifestacao-contra-aumento-de-iptu_800x600-135674-357x210.jpg&quot;,&quot;750&quot;:&quot;populacao-deve-se-reunir-na-praca-da-matriz-para-manifestacao-contra-aumento-de-iptu_800x600-135674-750x430.jpg&quot;,&quot;800&quot;:&quot;populacao-deve-se-reunir-na-praca-da-matriz-para-manifestacao-contra-aumento-de-iptu_800x600-135674.jpg&quot;}}\"\t\t\t\t\t\tclass=\"img-holder\" href=\"https:\/\/www.merionline.com.br\/noticias\/fernandopolis-tera-hospital-de-campanha-anuncia-joao-doria\/\"><\/a>\n\n\t\t\t\t\t\t\t<\/div>\n\t\t<h2 class=\"title\">\t\t<a href=\"https:\/\/www.merionline.com.br\/noticias\/fernandopolis-tera-hospital-de-campanha-anuncia-joao-doria\/\" class=\"post-title post-url\">\n\t\t\tFernand\u00f3polis ter\u00e1 Hospital de Campanha, anuncia Jo\u00e3o Doria\t\t<\/a>\n\t\t<\/h2>\t\t<div class=\"post-meta\">\n\n\t\t\t\t\t\t\t<a href=\"https:\/\/www.merionline.com.br\/noticias\/author\/pauliteck\/\"\n\t\t\t\t   title=\"Artigos de autor\"\n\t\t\t\t   class=\"post-author-a\">\n\t\t\t\t\t<i class=\"post-author author\">\n\t\t\t\t\t\tReda\u00e7\u00e3o\t\t\t\t\t<\/i>\n\t\t\t\t<\/a>\n\t\t\t\t\t\t\t<span class=\"time\"><time class=\"post-published updated\"\n\t\t\t\t                         datetime=\"2021-03-08T13:46:54-03:00\">8 mar, 2021<\/time><\/span>\n\t\t\t\t\t\t<\/div>\n\t\t\t\t\t<div class=\"post-summary\">\n\t\t\t\tO munic\u00edpio de Fernand\u00f3polis deve abrigar um dos 10 hospitais de campanha em todo o Estado de S\u00e3o Paulo. O an\u00fancio&hellip;\t\t\t<\/div>\n\t\t\t<\/div>\n\t<\/article >\n\t<article class=\"post-1404 type-post format-standard has-post-thumbnail   listing-item listing-item-grid listing-item-grid-1 main-term-6\">\n\t<div class=\"item-inner\">\n\t\t\t\t\t<div class=\"featured clearfix\">\n\t\t\t\t<div class=\"term-badges floated\"><span class=\"term-badge term-6\"><a href=\"https:\/\/www.merionline.com.br\/noticias\/category\/destaque\/\">Destaque<\/a><\/span><\/div>\t\t\t\t<a  title=\"Prefeito decreta lockdown a partir das 20h00 e fecha at\u00e9 supermercados em Votuporanga\" data-src=\"https:\/\/www.merionline.com.br\/noticias\/wp-content\/uploads\/2021\/03\/8359ca4f-c6d8-47ed-ac49-932b22025586-357x210.jpg\" data-bs-srcset=\"{&quot;baseurl&quot;:&quot;https:\\\/\\\/www.merionline.com.br\\\/noticias\\\/wp-content\\\/uploads\\\/2021\\\/03\\\/&quot;,&quot;sizes&quot;:{&quot;210&quot;:&quot;8359ca4f-c6d8-47ed-ac49-932b22025586-210x136.jpg&quot;,&quot;279&quot;:&quot;8359ca4f-c6d8-47ed-ac49-932b22025586-279x220.jpg&quot;,&quot;357&quot;:&quot;8359ca4f-c6d8-47ed-ac49-932b22025586-357x210.jpg&quot;,&quot;700&quot;:&quot;8359ca4f-c6d8-47ed-ac49-932b22025586.jpg&quot;}}\"\t\t\t\t\t\tclass=\"img-holder\" href=\"https:\/\/www.merionline.com.br\/noticias\/tudo-fechado-em-votuporanga-as-20h-entrega-so-ate-23h\/\"><\/a>\n\n\t\t\t\t\t\t\t<\/div>\n\t\t<h2 class=\"title\">\t\t<a href=\"https:\/\/www.merionline.com.br\/noticias\/tudo-fechado-em-votuporanga-as-20h-entrega-so-ate-23h\/\" class=\"post-title post-url\">\n\t\t\tPrefeito decreta lockdown a partir das 20h00 e fecha at\u00e9 supermercados em&hellip;\t\t<\/a>\n\t\t<\/h2>\t\t<div class=\"post-meta\">\n\n\t\t\t\t\t\t\t<a href=\"https:\/\/www.merionline.com.br\/noticias\/author\/pauliteck\/\"\n\t\t\t\t   title=\"Artigos de autor\"\n\t\t\t\t   class=\"post-author-a\">\n\t\t\t\t\t<i class=\"post-author author\">\n\t\t\t\t\t\tReda\u00e7\u00e3o\t\t\t\t\t<\/i>\n\t\t\t\t<\/a>\n\t\t\t\t\t\t\t<span class=\"time\"><time class=\"post-published updated\"\n\t\t\t\t                         datetime=\"2021-03-02T15:13:23-03:00\">2 mar, 2021<\/time><\/span>\n\t\t\t\t\t\t<\/div>\n\t\t\t\t\t<div class=\"post-summary\">\n\t\t\t\tSaiu hoje (2) o decreto da Prefeitura que endurece a restri\u00e7\u00e3o e imp\u00f5e o toque de recolher das 20 \u00e0s 5 horas em&hellip;\t\t\t<\/div>\n\t\t\t<\/div>\n\t<\/article >\n\t\t\t\t\t\t<\/div>\n\t\t\t\t\t\t\t\t\t\t<\/div>\n\t\t\t<\/div>\n\t\t\t<div class=\"row\">\n\t\t\t\t<div class=\"col-lg-12\">\n\t\t\t\t\t\t<div class=\"listing listing-thumbnail listing-tb-1 clearfix columns-2\">\n\t\t<article class=\"post-1116 type-post format-standard has-post-thumbnail   listing-item listing-item-thumbnail listing-item-tb-1 main-term-6\">\n\t<div class=\"item-inner clearfix\">\n\t\t\t\t\t<div class=\"featured featured-type-featured-image\">\n\t\t\t\t<a  title=\"Morre o radialista M\u00e1rcio Costa, ap\u00f3s dias internado com covid-19\" data-src=\"https:\/\/www.merionline.com.br\/noticias\/wp-content\/uploads\/2020\/07\/marcinho-86x64.jpg\" data-bs-srcset=\"{&quot;baseurl&quot;:&quot;https:\\\/\\\/www.merionline.com.br\\\/noticias\\\/wp-content\\\/uploads\\\/2020\\\/07\\\/&quot;,&quot;sizes&quot;:{&quot;86&quot;:&quot;marcinho-86x64.jpg&quot;,&quot;210&quot;:&quot;marcinho-210x136.jpg&quot;,&quot;960&quot;:&quot;marcinho.jpg&quot;}}\"\t\t\t\t\t\tclass=\"img-holder\" href=\"https:\/\/www.merionline.com.br\/noticias\/morre-o-radialista-marcio-costa-apos-dias-internado-com-covid-19\/\"><\/a>\n\t\t\t\t\t\t\t<\/div>\n\t\t<h2 class=\"title\">\t\t<a href=\"https:\/\/www.merionline.com.br\/noticias\/morre-o-radialista-marcio-costa-apos-dias-internado-com-covid-19\/\" class=\"post-url post-title\">\n\t\t\tMorre o radialista M\u00e1rcio Costa, ap\u00f3s dias internado com&hellip;\t\t<\/a>\n\t\t<\/h2>\t\t<div class=\"post-meta\">\n\n\t\t\t\t\t\t\t<span class=\"time\"><time class=\"post-published updated\"\n\t\t\t\t                         datetime=\"2020-07-27T15:58:38-03:00\">27 jul, 2020<\/time><\/span>\n\t\t\t\t\t\t<\/div>\n\t\t\t<\/div>\n\t<\/article >\n\t<article class=\"post-953 type-post format-standard has-post-thumbnail   listing-item listing-item-thumbnail listing-item-tb-1 main-term-4\">\n\t<div class=\"item-inner clearfix\">\n\t\t\t\t\t<div class=\"featured featured-type-featured-image\">\n\t\t\t\t<a  title=\"Doria suspende pagamento de \u00e1gua de 506 mil fam\u00edlias, antecipa f\u00e9rias de professores e interrompe processos de devedores\" data-src=\"https:\/\/www.merionline.com.br\/noticias\/wp-content\/uploads\/2020\/03\/doria-86x64.jpg\" data-bs-srcset=\"{&quot;baseurl&quot;:&quot;https:\\\/\\\/www.merionline.com.br\\\/noticias\\\/wp-content\\\/uploads\\\/2020\\\/03\\\/&quot;,&quot;sizes&quot;:{&quot;86&quot;:&quot;doria-86x64.jpg&quot;,&quot;210&quot;:&quot;doria-210x136.jpg&quot;,&quot;1280&quot;:&quot;doria.jpg&quot;}}\"\t\t\t\t\t\tclass=\"img-holder\" href=\"https:\/\/www.merionline.com.br\/noticias\/doria-suspende-pagamento-de-agua-de-506-mil-familias-antecipa-ferias-de-professores-e-interrompe-processos-de-devedores\/\"><\/a>\n\t\t\t\t\t\t\t<\/div>\n\t\t<h2 class=\"title\">\t\t<a href=\"https:\/\/www.merionline.com.br\/noticias\/doria-suspende-pagamento-de-agua-de-506-mil-familias-antecipa-ferias-de-professores-e-interrompe-processos-de-devedores\/\" class=\"post-url post-title\">\n\t\t\tDoria suspende pagamento de \u00e1gua de 506 mil fam\u00edlias,&hellip;\t\t<\/a>\n\t\t<\/h2>\t\t<div class=\"post-meta\">\n\n\t\t\t\t\t\t\t<span class=\"time\"><time class=\"post-published updated\"\n\t\t\t\t                         datetime=\"2020-03-19T15:45:29-03:00\">19 mar, 2020<\/time><\/span>\n\t\t\t\t\t\t<\/div>\n\t\t\t<\/div>\n\t<\/article >\n\t<article class=\"post-687 type-post format-standard has-post-thumbnail   listing-item listing-item-thumbnail listing-item-tb-1 main-term-4\">\n\t<div class=\"item-inner clearfix\">\n\t\t\t\t\t<div class=\"featured featured-type-featured-image\">\n\t\t\t\t<a  title=\"Luiz Bacci, do Cidade Alerta, revela ao vivo a uma m\u00e3e que a filha foi assassinada\" data-src=\"https:\/\/www.merionline.com.br\/noticias\/wp-content\/uploads\/2020\/02\/0ac8d14dee5f09417daa2a1705f97109___medialibrary_original_450_252-86x64.jpg\" data-bs-srcset=\"{&quot;baseurl&quot;:&quot;https:\\\/\\\/www.merionline.com.br\\\/noticias\\\/wp-content\\\/uploads\\\/2020\\\/02\\\/&quot;,&quot;sizes&quot;:{&quot;86&quot;:&quot;0ac8d14dee5f09417daa2a1705f97109___medialibrary_original_450_252-86x64.jpg&quot;,&quot;210&quot;:&quot;0ac8d14dee5f09417daa2a1705f97109___medialibrary_original_450_252-210x136.jpg&quot;,&quot;448&quot;:&quot;0ac8d14dee5f09417daa2a1705f97109___medialibrary_original_450_252.jpg&quot;}}\"\t\t\t\t\t\tclass=\"img-holder\" href=\"https:\/\/www.merionline.com.br\/noticias\/luiz-bacci-do-cidade-alerta-revela-ao-vivo-a-uma-mae-que-a-filha-foi-assassinada\/\"><\/a>\n\t\t\t\t\t\t\t<\/div>\n\t\t<h2 class=\"title\">\t\t<a href=\"https:\/\/www.merionline.com.br\/noticias\/luiz-bacci-do-cidade-alerta-revela-ao-vivo-a-uma-mae-que-a-filha-foi-assassinada\/\" class=\"post-url post-title\">\n\t\t\tLuiz Bacci, do Cidade Alerta, revela ao vivo a uma m\u00e3e que a&hellip;\t\t<\/a>\n\t\t<\/h2>\t\t<div class=\"post-meta\">\n\n\t\t\t\t\t\t\t<span class=\"time\"><time class=\"post-published updated\"\n\t\t\t\t                         datetime=\"2020-02-18T13:33:43-03:00\">18 fev, 2020<\/time><\/span>\n\t\t\t\t\t\t<\/div>\n\t\t\t<\/div>\n\t<\/article >\n\t<article class=\"post-583 type-post format-standard has-post-thumbnail   listing-item listing-item-thumbnail listing-item-tb-1 main-term-2\">\n\t<div class=\"item-inner clearfix\">\n\t\t\t\t\t<div class=\"featured featured-type-featured-image\">\n\t\t\t\t<a  title=\"Justi\u00e7a manda rever 5 anos de financiamentos da Uni Brasil\" data-src=\"https:\/\/www.merionline.com.br\/noticias\/wp-content\/uploads\/2020\/02\/1001324.jpg\" data-bs-srcset=\"{&quot;baseurl&quot;:&quot;https:\\\/\\\/www.merionline.com.br\\\/noticias\\\/wp-content\\\/uploads\\\/2020\\\/02\\\/&quot;,&quot;sizes&quot;:{&quot;640&quot;:&quot;1001324.jpg&quot;}}\"\t\t\t\t\t\tclass=\"img-holder\" href=\"https:\/\/www.merionline.com.br\/noticias\/justica-manda-rever-5-anos-de-financiamentos-da-uni-brasil\/\"><\/a>\n\t\t\t\t\t\t\t<\/div>\n\t\t<h2 class=\"title\">\t\t<a href=\"https:\/\/www.merionline.com.br\/noticias\/justica-manda-rever-5-anos-de-financiamentos-da-uni-brasil\/\" class=\"post-url post-title\">\n\t\t\tJusti\u00e7a manda rever 5 anos de financiamentos da Uni Brasil\t\t<\/a>\n\t\t<\/h2>\t\t<div class=\"post-meta\">\n\n\t\t\t\t\t\t\t<span class=\"time\"><time class=\"post-published updated\"\n\t\t\t\t                         datetime=\"2020-02-15T19:52:26-03:00\">15 fev, 2020<\/time><\/span>\n\t\t\t\t\t\t<\/div>\n\t\t\t<\/div>\n\t<\/article >\n\t<article class=\"post-587 type-post format-standard has-post-thumbnail   listing-item listing-item-thumbnail listing-item-tb-1 main-term-2\">\n\t<div class=\"item-inner clearfix\">\n\t\t\t\t\t<div class=\"featured featured-type-featured-image\">\n\t\t\t\t<a  title=\"Maiza Rio volta \u00e0 carga contra festas &#8220;open bar&#8221;\" data-src=\"https:\/\/www.merionline.com.br\/noticias\/wp-content\/uploads\/2020\/02\/0fd4c8ad9cc01ea806f974c0e25537be___medialibrary_original_450_300.jpeg\" data-bs-srcset=\"{&quot;baseurl&quot;:&quot;https:\\\/\\\/www.merionline.com.br\\\/noticias\\\/wp-content\\\/uploads\\\/2020\\\/02\\\/&quot;,&quot;sizes&quot;:{&quot;449&quot;:&quot;0fd4c8ad9cc01ea806f974c0e25537be___medialibrary_original_450_300.jpeg&quot;}}\"\t\t\t\t\t\tclass=\"img-holder\" href=\"https:\/\/www.merionline.com.br\/noticias\/maiza-rio-volta-a-carga-contra-festas-open-bar\/\"><\/a>\n\t\t\t\t\t\t\t<\/div>\n\t\t<h2 class=\"title\">\t\t<a href=\"https:\/\/www.merionline.com.br\/noticias\/maiza-rio-volta-a-carga-contra-festas-open-bar\/\" class=\"post-url post-title\">\n\t\t\tMaiza Rio volta \u00e0 carga contra festas &#8220;open bar&#8221;\t\t<\/a>\n\t\t<\/h2>\t\t<div class=\"post-meta\">\n\n\t\t\t\t\t\t\t<span class=\"time\"><time class=\"post-published updated\"\n\t\t\t\t                         datetime=\"2020-02-15T18:56:59-03:00\">15 fev, 2020<\/time><\/span>\n\t\t\t\t\t\t<\/div>\n\t\t\t<\/div>\n\t<\/article >\n\t<article class=\"post-559 type-post format-standard has-post-thumbnail   listing-item listing-item-thumbnail listing-item-tb-1 main-term-2\">\n\t<div class=\"item-inner clearfix\">\n\t\t\t\t\t<div class=\"featured featured-type-featured-image\">\n\t\t\t\t<a  title=\"Votuporanga j\u00e1 registrou mais de 1.700 casos de dengue\" data-src=\"https:\/\/www.merionline.com.br\/noticias\/wp-content\/uploads\/2020\/02\/c7372199bb74d4dc7a3f5ab1195de0bc___medialibrary_original_450_264.jpg\" data-bs-srcset=\"{&quot;baseurl&quot;:&quot;https:\\\/\\\/www.merionline.com.br\\\/noticias\\\/wp-content\\\/uploads\\\/2020\\\/02\\\/&quot;,&quot;sizes&quot;:{&quot;448&quot;:&quot;c7372199bb74d4dc7a3f5ab1195de0bc___medialibrary_original_450_264.jpg&quot;}}\"\t\t\t\t\t\tclass=\"img-holder\" href=\"https:\/\/www.merionline.com.br\/noticias\/votuporanga-ja-registrou-mais-de-1-700-casos-de-dengue\/\"><\/a>\n\t\t\t\t\t\t\t<\/div>\n\t\t<h2 class=\"title\">\t\t<a href=\"https:\/\/www.merionline.com.br\/noticias\/votuporanga-ja-registrou-mais-de-1-700-casos-de-dengue\/\" class=\"post-url post-title\">\n\t\t\tVotuporanga j\u00e1 registrou mais de 1.700 casos de dengue\t\t<\/a>\n\t\t<\/h2>\t\t<div class=\"post-meta\">\n\n\t\t\t\t\t\t\t<span class=\"time\"><time class=\"post-published updated\"\n\t\t\t\t                         datetime=\"2020-02-14T21:50:58-03:00\">14 fev, 2020<\/time><\/span>\n\t\t\t\t\t\t<\/div>\n\t\t\t<\/div>\n\t<\/article >\n\t<\/div>\n\t\t\t\t\t<\/div>\n\t\t\t<\/div>\n\t\t<\/div>\n\t<\/div>\n\n\t<\/div><div class=\"bs-pagination bs-ajax-pagination more_btn main-term-2 clearfix\">\n\t\t\t<script>var bs_ajax_paginate_2101250826 = '{\"query\":{\"category\":\"2\",\"tag\":\"\",\"taxonomy\":\"\",\"post_ids\":\"\",\"post_type\":\"\",\"count\":\"8\",\"order_by\":\"date\",\"order\":\"DESC\",\"time_filter\":\"\",\"offset\":\"\",\"style\":\"listing-mix-2-1\",\"cats-tags-condition\":\"and\",\"cats-condition\":\"in\",\"tags-condition\":\"in\",\"featured_image\":\"0\",\"ignore_sticky_posts\":\"1\",\"author_ids\":\"\",\"disable_duplicate\":\"0\",\"ad-active\":0,\"paginate\":\"more_btn\",\"pagination-show-label\":\"1\",\"listing-settings\":\"\",\"override-listing-settings\":\"0\",\"_layout\":{\"state\":\"1|1|0\",\"page\":\"2-col-right\"}},\"type\":\"bs_post_listing\",\"view\":\"Publisher_Mix_Listing_2_1_Shortcode\",\"current_page\":1,\"ajax_url\":\"\\\/noticias\\\/wp-admin\\\/admin-ajax.php\",\"remove_duplicates\":\"0\",\"query-main-term\":\"2\",\"pagination-show-label\":\"1\",\"paginate\":\"more_btn\",\"override-listing-settings\":\"0\",\"listing-settings\":\"\",\"ad-active\":false,\"_layout\":{\"state\":\"1|1|0\",\"page\":\"2-col-right\"},\"_bs_pagin_token\":\"db6fea7\",\"data\":{\"vars\":{\"post-ranking-offset\":4}}}';<\/script>\t\t\t\t<a  rel=\"next\" class=\"btn-bs-pagination\" data-id=\"2101250826\"\n\t\t\t\t   title=\"Carregar mais mensagens\">\n\t\t\t<span class=\"loading\" style=\"display: none;\">\n\t\t\t\t<i class=\"fa fa-refresh fa-spin fa-fw\"><\/i>\n\t\t\t<\/span>\n\t\t\t\t\t<span class=\"loading\" style=\"display: none;\">\n\t\t\t\tCarregando ...\t\t\t<\/span>\n\n\t\t\t\t\t<span class=\"loaded txt\">\n\t\t\t\tCarregar mais mensagens\t\t\t<\/span>\n\n\t\t\t\t\t<span class=\"loaded icon\">\n\t\t\t\t<i class=\"fa fa-angle-down\" aria-hidden=\"true\"><\/i>\n\t\t\t<\/span>\n\n\t\t\t\t\t<span class=\"no-more\" style=\"display: none;\">\n\t\t\t\tN\u00e3o h\u00e1 mais posts \n\t\t\t<\/span>\n\n\t\t\t\t<\/a>\n\n\t\t\t\t<\/div><\/div><div id=\"\" class=\"bscb-86104 bs-listing bs-listing-listing-thumbnail-2 bs-listing-single-tab pagination-animate\">\t\t<h3 class=\"section-heading sh-t2 sh-s1 main-term-15\">\n\n\t\t\n\t\t\t\t\t\t\t<a href=\"https:\/\/www.merionline.com.br\/noticias\/category\/tecnologia\/\" class=\"main-link\">\n\t\t\t\t\t\t\t<span class=\"h-text main-term-15\">\n\t\t\t\t\t\t\t\tTecnologia\t\t\t\t\t\t\t<\/span>\n\t\t\t\t<\/a>\n\t\t\t\n\t\t\n\t\t<\/h3>\n\t\t\t\t<div class=\"bs-pagination-wrapper main-term-15 more_btn bs-slider-first-item\">\n\t\t\t<div class=\"listing listing-thumbnail listing-tb-2 clearfix scolumns-4 bsw-8 \">\n\t<article  class=\"post-608 type-post format-standard has-post-thumbnail   listing-item listing-item-thumbnail listing-item-tb-2 main-term-15\">\n<div class=\"item-inner clearfix\">\n\t\t\t<div class=\"featured featured-type-featured-image\">\n\t\t\t<div class=\"term-badges floated\"><span class=\"term-badge term-15\"><a href=\"https:\/\/www.merionline.com.br\/noticias\/category\/tecnologia\/\">Tecnologia<\/a><\/span><\/div>\t\t\t<a  title=\"WhatsApp ultrapassa 2 bilh\u00f5es de usu\u00e1rios em todo o mundo\" data-src=\"https:\/\/www.merionline.com.br\/noticias\/wp-content\/uploads\/2020\/02\/whatsapp-3-marca.jpg\" data-bs-srcset=\"{&quot;baseurl&quot;:&quot;https:\\\/\\\/www.merionline.com.br\\\/noticias\\\/wp-content\\\/uploads\\\/2020\\\/02\\\/&quot;,&quot;sizes&quot;:{&quot;1000&quot;:&quot;whatsapp-3-marca.jpg&quot;}}\"\t\t\t\t\tclass=\"img-holder\" href=\"https:\/\/www.merionline.com.br\/noticias\/whatsapp-ultrapassa-2-bilhoes-de-usuarios-em-todo-o-mundo\/\"><\/a>\n\t\t\t\t\t<\/div>\n\t<h2 class=\"title\">\t<a class=\"post-url\" href=\"https:\/\/www.merionline.com.br\/noticias\/whatsapp-ultrapassa-2-bilhoes-de-usuarios-em-todo-o-mundo\/\" title=\"WhatsApp ultrapassa 2 bilh\u00f5es de usu\u00e1rios em todo o mundo\">\n\t\t\t<span class=\"post-title\">\n\t\t\t\tWhatsApp ultrapassa 2 bilh\u00f5es de usu\u00e1rios em todo o mundo\t\t\t<\/span>\n\t<\/a>\n\t<\/h2><\/div>\n<\/article >\n<article  class=\"post-605 type-post format-standard has-post-thumbnail   listing-item listing-item-thumbnail listing-item-tb-2 main-term-15\">\n<div class=\"item-inner clearfix\">\n\t\t\t<div class=\"featured featured-type-featured-image\">\n\t\t\t<div class=\"term-badges floated\"><span class=\"term-badge term-15\"><a href=\"https:\/\/www.merionline.com.br\/noticias\/category\/tecnologia\/\">Tecnologia<\/a><\/span><\/div>\t\t\t<a  title=\"Xiaomi Mi 10 faz sucesso e arrecada R$ 123 milh\u00f5es em apenas um minuto\" data-src=\"https:\/\/www.merionline.com.br\/noticias\/wp-content\/uploads\/2020\/02\/106388343-1581576487910leijunxiaomimi10-1-.jpg\" data-bs-srcset=\"{&quot;baseurl&quot;:&quot;https:\\\/\\\/www.merionline.com.br\\\/noticias\\\/wp-content\\\/uploads\\\/2020\\\/02\\\/&quot;,&quot;sizes&quot;:{&quot;1000&quot;:&quot;106388343-1581576487910leijunxiaomimi10-1-.jpg&quot;}}\"\t\t\t\t\tclass=\"img-holder\" href=\"https:\/\/www.merionline.com.br\/noticias\/xiaomi-mi-10-faz-sucesso-e-arrecada-r-123-milhoes-em-apenas-um-minuto\/\"><\/a>\n\t\t\t\t\t<\/div>\n\t<h2 class=\"title\">\t<a class=\"post-url\" href=\"https:\/\/www.merionline.com.br\/noticias\/xiaomi-mi-10-faz-sucesso-e-arrecada-r-123-milhoes-em-apenas-um-minuto\/\" title=\"Xiaomi Mi 10 faz sucesso e arrecada R$ 123 milh\u00f5es em apenas um minuto\">\n\t\t\t<span class=\"post-title\">\n\t\t\t\tXiaomi Mi 10 faz sucesso e arrecada R$ 123 milh\u00f5es em apenas&hellip;\t\t\t<\/span>\n\t<\/a>\n\t<\/h2><\/div>\n<\/article >\n<article  class=\"post-601 type-post format-standard has-post-thumbnail   listing-item listing-item-thumbnail listing-item-tb-2 main-term-15\">\n<div class=\"item-inner clearfix\">\n\t\t\t<div class=\"featured featured-type-featured-image\">\n\t\t\t<div class=\"term-badges floated\"><span class=\"term-badge term-15\"><a href=\"https:\/\/www.merionline.com.br\/noticias\/category\/tecnologia\/\">Tecnologia<\/a><\/span><\/div>\t\t\t<a  title=\"Os melhores lan\u00e7amentos de filmes e s\u00e9ries para assistir online (08\/02 a 14\/02)\" data-src=\"https:\/\/www.merionline.com.br\/noticias\/wp-content\/uploads\/2020\/02\/FILMES.fw_.png\" data-bs-srcset=\"{&quot;baseurl&quot;:&quot;https:\\\/\\\/www.merionline.com.br\\\/noticias\\\/wp-content\\\/uploads\\\/2020\\\/02\\\/&quot;,&quot;sizes&quot;:{&quot;800&quot;:&quot;FILMES.fw_.png&quot;}}\"\t\t\t\t\tclass=\"img-holder\" href=\"https:\/\/www.merionline.com.br\/noticias\/os-melhores-lancamentos-de-filmes-e-series-para-assistir-online-0802-a-1402\/\"><\/a>\n\t\t\t\t\t<\/div>\n\t<h2 class=\"title\">\t<a class=\"post-url\" href=\"https:\/\/www.merionline.com.br\/noticias\/os-melhores-lancamentos-de-filmes-e-series-para-assistir-online-0802-a-1402\/\" title=\"Os melhores lan\u00e7amentos de filmes e s\u00e9ries para assistir online (08\/02 a 14\/02)\">\n\t\t\t<span class=\"post-title\">\n\t\t\t\tOs melhores lan\u00e7amentos de filmes e s\u00e9ries para assistir&hellip;\t\t\t<\/span>\n\t<\/a>\n\t<\/h2><\/div>\n<\/article >\n<article  class=\"post-597 type-post format-standard has-post-thumbnail   listing-item listing-item-thumbnail listing-item-tb-2 main-term-15\">\n<div class=\"item-inner clearfix\">\n\t\t\t<div class=\"featured featured-type-featured-image\">\n\t\t\t<div class=\"term-badges floated\"><span class=\"term-badge term-15\"><a href=\"https:\/\/www.merionline.com.br\/noticias\/category\/tecnologia\/\">Tecnologia<\/a><\/span><\/div>\t\t\t<a  title=\"Facebook libera novo visual com tema escuro para web\" data-src=\"https:\/\/www.merionline.com.br\/noticias\/wp-content\/uploads\/2020\/02\/gettyimages-1136013739.jpg\" data-bs-srcset=\"{&quot;baseurl&quot;:&quot;https:\\\/\\\/www.merionline.com.br\\\/noticias\\\/wp-content\\\/uploads\\\/2020\\\/02\\\/&quot;,&quot;sizes&quot;:{&quot;1024&quot;:&quot;gettyimages-1136013739.jpg&quot;}}\"\t\t\t\t\tclass=\"img-holder\" href=\"https:\/\/www.merionline.com.br\/noticias\/facebook-libera-novo-visual-com-tema-escuro-para-web\/\"><\/a>\n\t\t\t\t\t<\/div>\n\t<h2 class=\"title\">\t<a class=\"post-url\" href=\"https:\/\/www.merionline.com.br\/noticias\/facebook-libera-novo-visual-com-tema-escuro-para-web\/\" title=\"Facebook libera novo visual com tema escuro para web\">\n\t\t\t<span class=\"post-title\">\n\t\t\t\tFacebook libera novo visual com tema escuro para web\t\t\t<\/span>\n\t<\/a>\n\t<\/h2><\/div>\n<\/article >\n\t<\/div>\n\t\n\t<\/div><\/div>[vc_media_grid style=&#8221;lazy&#8221; element_width=&#8221;12&#8243; gap=&#8221;3&#8243; item=&#8221;masonryMedia_Default&#8221; initial_loading_animation=&#8221;fadeInRight&#8221; grid_id=&#8221;vc_gid:1726601689792-b5a636c06f863303a64cb865a75de4c9-5&#8243; include=&#8221;912&#8243;]<div id=\"\" class=\"bscb-22378 bs-listing bs-listing-listing-thumbnail-1 bs-listing-single-tab pagination-animate\">\t\t<h3 class=\"section-heading sh-t2 sh-s1 main-term-4\">\n\n\t\t\n\t\t\t\t\t\t\t<a href=\"https:\/\/www.merionline.com.br\/noticias\/category\/brasil\/\" class=\"main-link\">\n\t\t\t\t\t\t\t<span class=\"h-text main-term-4\">\n\t\t\t\t\t\t\t\tTodas as Not\u00edcias\t\t\t\t\t\t\t<\/span>\n\t\t\t\t<\/a>\n\t\t\t\n\t\t\n\t\t<\/h3>\n\t\t\t\t<div class=\"bs-pagination-wrapper main-term-4 more_btn bs-slider-first-item\">\n\t\t\t<div class=\"listing listing-thumbnail listing-tb-1 clearfix columns-2\">\n\t\t<article class=\"post-1721 type-post format-standard has-post-thumbnail   listing-item listing-item-thumbnail listing-item-tb-1 main-term-3\">\n\t<div class=\"item-inner clearfix\">\n\t\t\t\t\t<div class=\"featured featured-type-featured-image\">\n\t\t\t\t<a  title=\"DENUNCIA FEITA CONTRA O PREFEITO RAPINHA \u00c9 ARQUIVADA PELO MP\" data-src=\"https:\/\/www.merionline.com.br\/noticias\/wp-content\/uploads\/2024\/09\/WhatsApp-Image-2024-09-17-at-16.33.00-86x64.jpeg\" data-bs-srcset=\"{&quot;baseurl&quot;:&quot;https:\\\/\\\/www.merionline.com.br\\\/noticias\\\/wp-content\\\/uploads\\\/2024\\\/09\\\/&quot;,&quot;sizes&quot;:{&quot;86&quot;:&quot;WhatsApp-Image-2024-09-17-at-16.33.00-86x64.jpeg&quot;,&quot;210&quot;:&quot;WhatsApp-Image-2024-09-17-at-16.33.00-210x136.jpeg&quot;,&quot;1600&quot;:&quot;WhatsApp-Image-2024-09-17-at-16.33.00.jpeg&quot;}}\"\t\t\t\t\t\tclass=\"img-holder\" href=\"https:\/\/www.merionline.com.br\/noticias\/denuncia-feita-contra-o-prefeito-rapinha-e-arquivada-pelo-mp\/\"><\/a>\n\t\t\t\t\t\t\t<\/div>\n\t\t<h2 class=\"title\">\t\t<a href=\"https:\/\/www.merionline.com.br\/noticias\/denuncia-feita-contra-o-prefeito-rapinha-e-arquivada-pelo-mp\/\" class=\"post-url post-title\">\n\t\t\tDENUNCIA FEITA CONTRA O PREFEITO RAPINHA \u00c9 ARQUIVADA PELO MP\t\t<\/a>\n\t\t<\/h2>\t\t<div class=\"post-meta\">\n\n\t\t\t\t\t\t\t<span class=\"time\"><time class=\"post-published updated\"\n\t\t\t\t                         datetime=\"2024-09-17T16:34:15-03:00\">17 set, 2024<\/time><\/span>\n\t\t\t\t\t\t<\/div>\n\t\t\t<\/div>\n\t<\/article >\n\t<article class=\"post-1714 type-post format-standard has-post-thumbnail   listing-item listing-item-thumbnail listing-item-tb-1 main-term-3\">\n\t<div class=\"item-inner clearfix\">\n\t\t\t\t\t<div class=\"featured featured-type-featured-image\">\n\t\t\t\t<a  title=\"PREFEITURA DE MERIDIANO DIVULGA SALDO DE MEIO MILH\u00c3O POSITIVO\" data-src=\"https:\/\/www.merionline.com.br\/noticias\/wp-content\/uploads\/2021\/02\/WhatsApp-Image-2021-01-28-at-11.31.20-86x64.jpeg\" data-bs-srcset=\"{&quot;baseurl&quot;:&quot;https:\\\/\\\/www.merionline.com.br\\\/noticias\\\/wp-content\\\/uploads\\\/2021\\\/02\\\/&quot;,&quot;sizes&quot;:{&quot;86&quot;:&quot;WhatsApp-Image-2021-01-28-at-11.31.20-86x64.jpeg&quot;,&quot;210&quot;:&quot;WhatsApp-Image-2021-01-28-at-11.31.20-210x136.jpeg&quot;,&quot;1600&quot;:&quot;WhatsApp-Image-2021-01-28-at-11.31.20.jpeg&quot;}}\"\t\t\t\t\t\tclass=\"img-holder\" href=\"https:\/\/www.merionline.com.br\/noticias\/prefeitura-de-meridiano-divulga-saldo-de-meio-milhao-positivo\/\"><\/a>\n\t\t\t\t\t\t\t<\/div>\n\t\t<h2 class=\"title\">\t\t<a href=\"https:\/\/www.merionline.com.br\/noticias\/prefeitura-de-meridiano-divulga-saldo-de-meio-milhao-positivo\/\" class=\"post-url post-title\">\n\t\t\tPREFEITURA DE MERIDIANO DIVULGA SALDO DE MEIO MILH\u00c3O&hellip;\t\t<\/a>\n\t\t<\/h2>\t\t<div class=\"post-meta\">\n\n\t\t\t\t\t\t\t<span class=\"time\"><time class=\"post-published updated\"\n\t\t\t\t                         datetime=\"2024-09-13T19:41:19-03:00\">13 set, 2024<\/time><\/span>\n\t\t\t\t\t\t<\/div>\n\t\t\t<\/div>\n\t<\/article >\n\t<article class=\"post-1698 type-post format-standard has-post-thumbnail   listing-item listing-item-thumbnail listing-item-tb-1 main-term-3\">\n\t<div class=\"item-inner clearfix\">\n\t\t\t\t\t<div class=\"featured featured-type-featured-image\">\n\t\t\t\t<a  title=\"Prefeitura realiza adequa\u00e7\u00f5es em escolas municipais e rodovi\u00e1ria para obten\u00e7\u00e3o do AVCB\" data-src=\"https:\/\/www.merionline.com.br\/noticias\/wp-content\/uploads\/2024\/08\/avcb-86x64.png\" data-bs-srcset=\"{&quot;baseurl&quot;:&quot;https:\\\/\\\/www.merionline.com.br\\\/noticias\\\/wp-content\\\/uploads\\\/2024\\\/08\\\/&quot;,&quot;sizes&quot;:{&quot;86&quot;:&quot;avcb-86x64.png&quot;,&quot;210&quot;:&quot;avcb-210x136.png&quot;,&quot;1166&quot;:&quot;avcb.png&quot;}}\"\t\t\t\t\t\tclass=\"img-holder\" href=\"https:\/\/www.merionline.com.br\/noticias\/prefeitura-realiza-adequacoes-em-escolas-municipais-e-rodoviaria-para-obtencao-do-avcb\/\"><\/a>\n\t\t\t\t\t\t\t<\/div>\n\t\t<h2 class=\"title\">\t\t<a href=\"https:\/\/www.merionline.com.br\/noticias\/prefeitura-realiza-adequacoes-em-escolas-municipais-e-rodoviaria-para-obtencao-do-avcb\/\" class=\"post-url post-title\">\n\t\t\tPrefeitura realiza adequa\u00e7\u00f5es em escolas municipais e&hellip;\t\t<\/a>\n\t\t<\/h2>\t\t<div class=\"post-meta\">\n\n\t\t\t\t\t\t\t<span class=\"time\"><time class=\"post-published updated\"\n\t\t\t\t                         datetime=\"2024-08-08T10:13:55-03:00\">8 ago, 2024<\/time><\/span>\n\t\t\t\t\t\t<\/div>\n\t\t\t<\/div>\n\t<\/article >\n\t<article class=\"post-1688 type-post format-standard has-post-thumbnail   listing-item listing-item-thumbnail listing-item-tb-1 main-term-3\">\n\t<div class=\"item-inner clearfix\">\n\t\t\t\t\t<div class=\"featured featured-type-featured-image\">\n\t\t\t\t<a  title=\"Vereadora Juliana conseguiu a &#8220;tal&#8221; quadra p\/ o Sto ant\u00f4nio em tempo recorde\" data-src=\"https:\/\/www.merionline.com.br\/noticias\/wp-content\/uploads\/2024\/07\/WhatsApp-Image-2024-07-21-at-19.24.34-86x64.jpeg\" data-bs-srcset=\"{&quot;baseurl&quot;:&quot;https:\\\/\\\/www.merionline.com.br\\\/noticias\\\/wp-content\\\/uploads\\\/2024\\\/07\\\/&quot;,&quot;sizes&quot;:{&quot;86&quot;:&quot;WhatsApp-Image-2024-07-21-at-19.24.34-86x64.jpeg&quot;,&quot;210&quot;:&quot;WhatsApp-Image-2024-07-21-at-19.24.34-210x136.jpeg&quot;,&quot;1080&quot;:&quot;WhatsApp-Image-2024-07-21-at-19.24.34.jpeg&quot;}}\"\t\t\t\t\t\tclass=\"img-holder\" href=\"https:\/\/www.merionline.com.br\/noticias\/vereadora-juliana-conseguiu-a-tal-quadra-p-o-sto-antonio-em-tempo-recorde\/\"><\/a>\n\t\t\t\t\t\t\t<\/div>\n\t\t<h2 class=\"title\">\t\t<a href=\"https:\/\/www.merionline.com.br\/noticias\/vereadora-juliana-conseguiu-a-tal-quadra-p-o-sto-antonio-em-tempo-recorde\/\" class=\"post-url post-title\">\n\t\t\tVereadora Juliana conseguiu a &#8220;tal&#8221; quadra p\/ o&hellip;\t\t<\/a>\n\t\t<\/h2>\t\t<div class=\"post-meta\">\n\n\t\t\t\t\t\t\t<span class=\"time\"><time class=\"post-published updated\"\n\t\t\t\t                         datetime=\"2024-07-21T19:46:14-03:00\">21 jul, 2024<\/time><\/span>\n\t\t\t\t\t\t<\/div>\n\t\t\t<\/div>\n\t<\/article >\n\t<article class=\"post-1682 type-post format-standard has-post-thumbnail   listing-item listing-item-thumbnail listing-item-tb-1 main-term-3\">\n\t<div class=\"item-inner clearfix\">\n\t\t\t\t\t<div class=\"featured featured-type-featured-image\">\n\t\t\t\t<a  title=\"T\u00c1 CHEGANDO A HORA DE DEFINIR OS CANDIDATOS, PRAZO EST\u00c1 ABERTO PARA AS CONVEN\u00c7\u00d5ES\" data-src=\"https:\/\/www.merionline.com.br\/noticias\/wp-content\/uploads\/2024\/07\/WhatsApp-Image-2024-07-20-at-19.07.08-86x64.jpeg\" data-bs-srcset=\"{&quot;baseurl&quot;:&quot;https:\\\/\\\/www.merionline.com.br\\\/noticias\\\/wp-content\\\/uploads\\\/2024\\\/07\\\/&quot;,&quot;sizes&quot;:{&quot;86&quot;:&quot;WhatsApp-Image-2024-07-20-at-19.07.08-86x64.jpeg&quot;,&quot;210&quot;:&quot;WhatsApp-Image-2024-07-20-at-19.07.08-210x136.jpeg&quot;,&quot;1600&quot;:&quot;WhatsApp-Image-2024-07-20-at-19.07.08.jpeg&quot;}}\"\t\t\t\t\t\tclass=\"img-holder\" href=\"https:\/\/www.merionline.com.br\/noticias\/ta-chegando-a-hora-de-definir-os-candidatos-prazo-esta-aberto-para-as-convencoes\/\"><\/a>\n\t\t\t\t\t\t\t<\/div>\n\t\t<h2 class=\"title\">\t\t<a href=\"https:\/\/www.merionline.com.br\/noticias\/ta-chegando-a-hora-de-definir-os-candidatos-prazo-esta-aberto-para-as-convencoes\/\" class=\"post-url post-title\">\n\t\t\tT\u00c1 CHEGANDO A HORA DE DEFINIR OS CANDIDATOS, PRAZO EST\u00c1&hellip;\t\t<\/a>\n\t\t<\/h2>\t\t<div class=\"post-meta\">\n\n\t\t\t\t\t\t\t<span class=\"time\"><time class=\"post-published updated\"\n\t\t\t\t                         datetime=\"2024-07-20T19:03:02-03:00\">20 jul, 2024<\/time><\/span>\n\t\t\t\t\t\t<\/div>\n\t\t\t<\/div>\n\t<\/article >\n\t<article class=\"post-1656 type-post format-standard has-post-thumbnail   listing-item listing-item-thumbnail listing-item-tb-1 main-term-3\">\n\t<div class=\"item-inner clearfix\">\n\t\t\t\t\t<div class=\"featured featured-type-featured-image\">\n\t\t\t\t<a  title=\"DEPOIS DE 2 ANOS CENTRO DE CASTRA\u00c7\u00c3O \u00c9 INAUGURADO\" data-src=\"https:\/\/www.merionline.com.br\/noticias\/wp-content\/uploads\/2024\/07\/fotocastracao-86x64.jpg\" data-bs-srcset=\"{&quot;baseurl&quot;:&quot;https:\\\/\\\/www.merionline.com.br\\\/noticias\\\/wp-content\\\/uploads\\\/2024\\\/07\\\/&quot;,&quot;sizes&quot;:{&quot;86&quot;:&quot;fotocastracao-86x64.jpg&quot;,&quot;210&quot;:&quot;fotocastracao-210x136.jpg&quot;,&quot;1600&quot;:&quot;fotocastracao.jpg&quot;}}\"\t\t\t\t\t\tclass=\"img-holder\" href=\"https:\/\/www.merionline.com.br\/noticias\/depois-de-2-anos-centro-de-castracao-e-inaugurado\/\"><\/a>\n\t\t\t\t\t\t\t<\/div>\n\t\t<h2 class=\"title\">\t\t<a href=\"https:\/\/www.merionline.com.br\/noticias\/depois-de-2-anos-centro-de-castracao-e-inaugurado\/\" class=\"post-url post-title\">\n\t\t\tDEPOIS DE 2 ANOS CENTRO DE CASTRA\u00c7\u00c3O \u00c9 INAUGURADO\t\t<\/a>\n\t\t<\/h2>\t\t<div class=\"post-meta\">\n\n\t\t\t\t\t\t\t<span class=\"time\"><time class=\"post-published updated\"\n\t\t\t\t                         datetime=\"2024-07-05T08:53:46-03:00\">5 jul, 2024<\/time><\/span>\n\t\t\t\t\t\t<\/div>\n\t\t\t<\/div>\n\t<\/article >\n\t<\/div>\n\t\n\t<\/div><div class=\"bs-pagination bs-ajax-pagination more_btn main-term-4 clearfix\">\n\t\t\t<script>var bs_ajax_paginate_123979424 = '{\"query\":{\"category\":\"4,3,6,2\",\"tag\":\"\",\"taxonomy\":\"\",\"post_ids\":\"\",\"post_type\":\"\",\"count\":\"6\",\"order_by\":\"date\",\"order\":\"DESC\",\"time_filter\":\"\",\"offset\":\"\",\"style\":\"listing-thumbnail-1\",\"cats-tags-condition\":\"and\",\"cats-condition\":\"in\",\"tags-condition\":\"in\",\"featured_image\":\"0\",\"ignore_sticky_posts\":\"1\",\"author_ids\":\"\",\"disable_duplicate\":\"0\",\"ad-active\":\"0\",\"ad-after_each\":\"\",\"ad-type\":\"\",\"ad-banner\":\"none\",\"ad-campaign\":\"none\",\"ad-count\":\"\",\"ad-columns\":\"1\",\"ad-orderby\":\"date\",\"ad-order\":\"ASC\",\"ad-align\":\"left\",\"paginate\":\"more_btn\",\"pagination-show-label\":\"1\",\"columns\":\"2\",\"listing-settings\":\"\",\"override-listing-settings\":\"0\",\"_layout\":{\"state\":\"1|1|0\",\"page\":\"2-col-right\"}},\"type\":\"bs_post_listing\",\"view\":\"Publisher_Thumbnail_Listing_1_Shortcode\",\"current_page\":1,\"ajax_url\":\"\\\/noticias\\\/wp-admin\\\/admin-ajax.php\",\"remove_duplicates\":\"0\",\"query-main-term\":\"4\",\"columns\":\"2\",\"pagination-show-label\":\"1\",\"paginate\":\"more_btn\",\"override-listing-settings\":\"0\",\"listing-settings\":\"\",\"ad-active\":\"0\",\"ad-after_each\":\"\",\"ad-type\":\"\",\"ad-banner\":\"none\",\"ad-campaign\":\"none\",\"ad-count\":\"\",\"ad-columns\":\"1\",\"ad-orderby\":\"date\",\"ad-order\":\"ASC\",\"ad-align\":\"left\",\"_layout\":{\"state\":\"1|1|0\",\"page\":\"2-col-right\"},\"_bs_pagin_token\":\"e92c4a8\",\"data\":{\"vars\":{\"post-ranking-offset\":6}}}';<\/script>\t\t\t\t<a  rel=\"next\" class=\"btn-bs-pagination\" data-id=\"123979424\"\n\t\t\t\t   title=\"Carregar mais mensagens\">\n\t\t\t<span class=\"loading\" style=\"display: none;\">\n\t\t\t\t<i class=\"fa fa-refresh fa-spin fa-fw\"><\/i>\n\t\t\t<\/span>\n\t\t\t\t\t<span class=\"loading\" style=\"display: none;\">\n\t\t\t\tCarregando ...\t\t\t<\/span>\n\n\t\t\t\t\t<span class=\"loaded txt\">\n\t\t\t\tCarregar mais mensagens\t\t\t<\/span>\n\n\t\t\t\t\t<span class=\"loaded icon\">\n\t\t\t\t<i class=\"fa fa-angle-down\" aria-hidden=\"true\"><\/i>\n\t\t\t<\/span>\n\n\t\t\t\t\t<span class=\"no-more\" style=\"display: none;\">\n\t\t\t\tN\u00e3o h\u00e1 mais posts \n\t\t\t<\/span>\n\n\t\t\t\t<\/a>\n\n\t\t\t\t<\/div><\/div>\t<div \t\tclass=\"bs-shortcode bs-social-share  style-button colored\">\n\t\t\t\t<h3 class=\"section-heading sh-t2 sh-s1\">\n\t\t\t\t<span class=\"h-text\">Compartilhe nosso site<\/span>\n\t\t\t\t<\/h3>\n\t\t\t\t<ul class=\"bs-button-list social-list clearfix\"><span class=\"social-item facebook has-title\"><a href=\"https:\/\/www.facebook.com\/sharer.php?u=https%3A%2F%2Fwww.merionline.com.br%2Fnoticias\" target=\"_blank\" rel=\"nofollow noreferrer\" class=\"bs-button-el\" onclick=\"window.open(this.href, 'share-facebook','left=50,top=50,width=600,height=320,toolbar=0'); return false;\"><span class=\"icon\"><i class=\"bf-icon fa fa-facebook\"><\/i><\/span><span class=\"item-title\">Facebook<\/span><\/a><\/span><span class=\"social-item twitter has-title\"><a href=\"https:\/\/twitter.com\/share?text=Merionline+-+Canal+de+Not%C3%ADcias+de+Meridiano-SP&url=https%3A%2F%2Fwww.merionline.com.br%2Fnoticias\" target=\"_blank\" rel=\"nofollow noreferrer\" class=\"bs-button-el\" onclick=\"window.open(this.href, 'share-twitter','left=50,top=50,width=600,height=320,toolbar=0'); return false;\"><span class=\"icon\"><i class=\"bf-icon fa fa-twitter\"><\/i><\/span><span class=\"item-title\">Twitter<\/span><\/a><\/span><span class=\"social-item whatsapp has-title\"><a href=\"whatsapp:\/\/send?text=Merionline+-+Canal+de+Not%C3%ADcias+de+Meridiano-SP %0A%0A https%3A%2F%2Fwww.merionline.com.br%2Fnoticias\" target=\"_blank\" rel=\"nofollow noreferrer\" class=\"bs-button-el\" onclick=\"window.open(this.href, 'share-whatsapp','left=50,top=50,width=600,height=320,toolbar=0'); return false;\"><span class=\"icon\"><i class=\"bf-icon fa fa-whatsapp\"><\/i><\/span><span class=\"item-title\">WhatsApp<\/span><\/a><\/span>\t\t<\/ul><!-- .social-list -->\n\t<\/div><!-- .bs-social-share -->\n[\/vc_column][\/vc_row][vc_row][vc_column width=&#8221;1\/3&#8243; el_class=&#8221;sticky-column&#8221;][\/vc_column][\/vc_row][vc_row][vc_column][\/vc_column][\/vc_row]\n","protected":false},"excerpt":{"rendered":"<p>[vc_row][vc_column width=&#8221;2\/3&#8243;][vc_media_grid element_width=&#8221;12&#8243; gap=&#8221;0&#8243; item=&#8221;masonryMedia_Default&#8221; initial_loading_animation=&#8221;shake&#8221; grid_id=&#8221;vc_gid:1726601689345-2ac3168d2905bdb2a5f1979c70c6dbf5-6&#8243; include=&#8221;736&#8243;][\/vc_column][vc_column width=&#8221;1\/3&#8243; offset=&#8221;vc_hidden-md vc_hidden-sm vc_hidden-xs&#8221;][\/vc_column][\/vc_row][vc_row][vc_column css_animation=&#8221;none&#8221; width=&#8221;2\/3&#8243;][vc_media_grid style=&#8221;lazy&#8221; element_width=&#8221;12&#8243; gap=&#8221;3&#8243; item=&#8221;masonryMedia_Default&#8221; initial_loading_animation=&#8221;fadeInRight&#8221; grid_id=&#8221;vc_gid:1726601689792-b5a636c06f863303a64cb865a75de4c9-5&#8243; include=&#8221;912&#8243;][\/vc_column][\/vc_row][vc_row][vc_column width=&#8221;1\/3&#8243; el_class=&#8221;sticky-column&#8221;][\/vc_column][\/vc_row][vc_row][vc_column][\/vc_column][\/vc_row]<\/p>\n","protected":false},"author":1,"featured_media":0,"parent":0,"menu_order":0,"comment_status":"closed","ping_status":"closed","template":"","meta":{"footnotes":""},"_links":{"self":[{"href":"https:\/\/www.merionline.com.br\/noticias\/wp-json\/wp\/v2\/pages\/622"}],"collection":[{"href":"https:\/\/www.merionline.com.br\/noticias\/wp-json\/wp\/v2\/pages"}],"about":[{"href":"https:\/\/www.merionline.com.br\/noticias\/wp-json\/wp\/v2\/types\/page"}],"author":[{"embeddable":true,"href":"https:\/\/www.merionline.com.br\/noticias\/wp-json\/wp\/v2\/users\/1"}],"replies":[{"embeddable":true,"href":"https:\/\/www.merionline.com.br\/noticias\/wp-json\/wp\/v2\/comments?post=622"}],"version-history":[{"count":78,"href":"https:\/\/www.merionline.com.br\/noticias\/wp-json\/wp\/v2\/pages\/622\/revisions"}],"predecessor-version":[{"id":1724,"href":"https:\/\/www.merionline.com.br\/noticias\/wp-json\/wp\/v2\/pages\/622\/revisions\/1724"}],"wp:attachment":[{"href":"https:\/\/www.merionline.com.br\/noticias\/wp-json\/wp\/v2\/media?parent=622"}],"curies":[{"name":"wp","href":"https:\/\/api.w.org\/{rel}","templated":true}]}}